{"id":228,"date":"2014-01-27T21:42:23","date_gmt":"2014-01-27T19:42:23","guid":{"rendered":"http:\/\/www.klappertopf.at\/?page_id=228"},"modified":"2023-08-05T12:03:38","modified_gmt":"2023-08-05T10:03:38","slug":"02-2-ziele","status":"publish","type":"page","link":"https:\/\/www.klappertopf.at\/?page_id=228","title":{"rendered":"Ziele"},"content":{"rendered":"<p>\u00dcber unseren gemeinn\u00fctzigen Verein Klappertopf beziehen wir \u00f6kologisch produzierte Lebensmittel direkt von lokalen ProduzentInnen. Durch unsere Einkaufsgemeinschaft umgehen wir die gro\u00dfen Lebensmittel-Zwischenh\u00e4ndler. Im Gegensatz zu diesen zahlen wir den ProduzentInnen faire Preise. So tragen wir ein kleines St\u00fcck weit zu einer solidarischen Wirtschaftsweise bei, f\u00f6rdern die Ern\u00e4hrungssouver\u00e4nit\u00e4t und unterst\u00fctzen eine kleinteilige und \u00f6kologische Landwirtschaft.<\/p>\n<p><a href=\"https:\/\/www.klappertopf.at\/wp-content\/uploads\/2023\/08\/KLAPPERTOPF_2022_nataliglisic_15_Web1-2.png\"><img loading=\"lazy\" decoding=\"async\" class=\"aligncenter wp-image-735 size-full\" src=\"https:\/\/www.klappertopf.at\/wp-content\/uploads\/2023\/08\/KLAPPERTOPF_2022_nataliglisic_15_Web1-2.png\" alt=\"\" width=\"400\" height=\"621\" srcset=\"https:\/\/www.klappertopf.at\/wp-content\/uploads\/2023\/08\/KLAPPERTOPF_2022_nataliglisic_15_Web1-2.png 400w, https:\/\/www.klappertopf.at\/wp-content\/uploads\/2023\/08\/KLAPPERTOPF_2022_nataliglisic_15_Web1-2-193x300.png 193w\" sizes=\"auto, (max-width: 400px) 100vw, 400px\" \/><\/a><\/p>\n<p>Unsere Ziele sind:<\/p>\n<ul>\n<li>F\u00f6rderung einer nachhaltigen, \u00f6kologischen, regionalen und kleinteiligen Landwirtschaft<\/li>\n<li>F\u00f6rderung fairer Arbeitsbedingungen in der Landwirtschaft<\/li>\n<li>Schutz der Artenvielfalt vor Bedrohung durch intensive Landwirtschaft<\/li>\n<li>F\u00f6rderung von demokratischer Selbstorganisation in Produktion und Verteilung von Lebensmitteln<\/li>\n<li>F\u00f6rderung des gemeinschaftlichen Lebens und sozialen Zusammenhalts auf lokaler und regionaler Ebene<\/li>\n<li>St\u00e4rkung des allgemeinen Umwelt- und Ern\u00e4hrungsbewusstseins<\/li>\n<\/ul>\n<p>Um diese Ziele zu erreichen, braucht es viele Mitstreiter. FoodCoops wie den Klappertopf gibt es in mehreren Wiener Bezirken und in anderen \u00f6sterreichischen Bundesl\u00e4ndern. Mehr dar\u00fcber erf\u00e4hrst Du <a title=\"FoodCoops \u00d6sterreich\" href=\"http:\/\/www.foodcoops.at\" target=\"_blank\" rel=\"noopener\"><b>hier<\/b><\/a>.<\/p>\n","protected":false},"excerpt":{"rendered":"<p>\u00dcber unseren gemeinn\u00fctzigen Verein Klappertopf beziehen wir \u00f6kologisch produzierte Lebensmittel direkt von lokalen ProduzentInnen. Durch unsere Einkaufsgemeinschaft umgehen wir die gro\u00dfen Lebensmittel-Zwischenh\u00e4ndler. Im Gegensatz zu diesen zahlen wir den ProduzentInnen faire Preise. So tragen wir ein kleines St\u00fcck weit zu einer solidarischen Wirtschaftsweise bei, f\u00f6rdern die Ern\u00e4hrungssouver\u00e4nit\u00e4t und unterst\u00fctzen eine kleinteilige und \u00f6kologische Landwirtschaft. Unsere [&hellip;]<\/p>\n","protected":false},"author":2,"featured_media":0,"parent":199,"menu_order":2,"comment_status":"closed","ping_status":"closed","template":"","meta":{"footnotes":""},"class_list":["post-228","page","type-page","status-publish","hentry"],"_links":{"self":[{"href":"https:\/\/www.klappertopf.at\/index.php?rest_route=\/wp\/v2\/pages\/228","targetHints":{"allow":["GET"]}}],"collection":[{"href":"https:\/\/www.klappertopf.at\/index.php?rest_route=\/wp\/v2\/pages"}],"about":[{"href":"https:\/\/www.klappertopf.at\/index.php?rest_route=\/wp\/v2\/types\/page"}],"author":[{"embeddable":true,"href":"https:\/\/www.klappertopf.at\/index.php?rest_route=\/wp\/v2\/users\/2"}],"replies":[{"embeddable":true,"href":"https:\/\/www.klappertopf.at\/index.php?rest_route=%2Fwp%2Fv2%2Fcomments&post=228"}],"version-history":[{"count":5,"href":"https:\/\/www.klappertopf.at\/index.php?rest_route=\/wp\/v2\/pages\/228\/revisions"}],"predecessor-version":[{"id":737,"href":"https:\/\/www.klappertopf.at\/index.php?rest_route=\/wp\/v2\/pages\/228\/revisions\/737"}],"up":[{"embeddable":true,"href":"https:\/\/www.klappertopf.at\/index.php?rest_route=\/wp\/v2\/pages\/199"}],"wp:attachment":[{"href":"https:\/\/www.klappertopf.at\/index.php?rest_route=%2Fwp%2Fv2%2Fmedia&parent=228"}],"curies":[{"name":"wp","href":"https:\/\/api.w.org\/{rel}","templated":true}]}}